{"id":6685,"date":"2017-03-22T21:05:06","date_gmt":"2017-03-23T03:05:06","guid":{"rendered":"http:\/\/mandira-spa.com\/Home\/?page_id=6685"},"modified":"2019-12-05T20:09:53","modified_gmt":"2019-12-06T02:09:53","slug":"corporales","status":"publish","type":"page","link":"https:\/\/mandira-spa.com\/Home\/corporales\/","title":{"rendered":"Corporales"},"content":{"rendered":"[vc_row type=&#8221;full_width_background&#8221; full_screen_row_position=&#8221;middle&#8221; equal_height=&#8221;yes&#8221; content_placement=&#8221;middle&#8221; bg_image=&#8221;6228&#8243; bg_position=&#8221;left top&#8221; bg_repeat=&#8221;no-repeat&#8221; scene_position=&#8221;center&#8221; text_color=&#8221;light&#8221; text_align=&#8221;center&#8221; top_padding=&#8221;1%&#8221; bottom_padding=&#8221;3%&#8221; overlay_strength=&#8221;0.8&#8243; shape_divider_position=&#8221;bottom&#8221; bg_image_animation=&#8221;none&#8221;][vc_column centered_text=&#8221;true&#8221; column_padding=&#8221;padding-3-percent&#8221; column_padding_position=&#8221;all&#8221; background_color=&#8221;#000000&#8243; background_color_opacity=&#8221;0.6&#8243; background_hover_color_opacity=&#8221;1&#8243; column_link_target=&#8221;_self&#8221; column_shadow=&#8221;none&#8221; column_border_radius=&#8221;none&#8221; width=&#8221;1\/2&#8243; tablet_width_inherit=&#8221;default&#8221; tablet_text_alignment=&#8221;default&#8221; phone_text_alignment=&#8221;default&#8221; column_border_width=&#8221;none&#8221; column_border_style=&#8221;solid&#8221; bg_image_animation=&#8221;none&#8221;][nectar_icon icon_family=&#8221;fontawesome&#8221; icon_style=&#8221;border-animation&#8221; icon_border_thickness=&#8221;2px&#8221; icon_color=&#8221;Accent-Color&#8221; icon_padding=&#8221;20px&#8221; icon_fontawesome=&#8221;fa fa-male&#8221;][toggles style=&#8221;minimal&#8221;][toggle color=&#8221;Default&#8221; title=&#8221;Modelado de silueta&#8221;][vc_custom_heading text=&#8221;Tratamiento donde nos enfocamos en moldear la grasa con aparatolog\u00eda y productos espec\u00edficos, es importante saber que se debe realizar una valoraci\u00f3n previa y las sesiones se realizar\u00e1n dependiendo del paciente.&#8221; font_container=&#8221;tag:p|text_align:justify&#8221; google_fonts=&#8221;font_family:Noto%20Sans%3Aregular%2Citalic%2C700%2C700italic|font_style:400%20regular%3A400%3Anormal&#8221;][\/toggle][toggle color=&#8221;Default&#8221; title=&#8221;Anti celul\u00edtico&#8221;][vc_custom_heading text=&#8221;Tratamiento donde nos enfocamos a bajar los niveles de hidrolipodistrofia (celulitis) degradando las adiposidades y drenando los l\u00edquidos retenidos, as\u00ed mismo mejorando la textura de la piel; es importante saber que la celulitis se manifiesta en diferentes tipos, dependiendo del grado en que se encuentre. Se hace el tratamiento adecuado usando la aparatolog\u00eda m\u00e1s conveniente para ello.&#8221; font_container=&#8221;tag:p|text_align:justify&#8221; google_fonts=&#8221;font_family:Noto%20Sans%3Aregular%2Citalic%2C700%2C700italic|font_style:400%20regular%3A400%3Anormal&#8221;][vc_column_text][\/vc_column_text][\/toggle][toggle color=&#8221;Default&#8221; title=&#8221;Desvanecimiento de estr\u00edas&#8221;][vc_custom_heading text=&#8221;Tratamiento donde mejoramos la lesi\u00f3n por medio de activos que nos ayuda a nutrir, se hacen ciertas combinaciones de aparatolog\u00eda para un mejor resultado, la lesi\u00f3n se identifica por el estado y color que presenta y as\u00ed mismo vamos regenerando la estr\u00eda.&#8221; font_container=&#8221;tag:p|text_align:justify&#8221; google_fonts=&#8221;font_family:Noto%20Sans%3Aregular%2Citalic%2C700%2C700italic|font_style:400%20regular%3A400%3Anormal&#8221;][\/toggle][toggle color=&#8221;Default&#8221; title=&#8221;Desvanecimiento de cicatrices&#8221;][vc_custom_heading text=&#8221;Este tratamiento mejorar\u00e1 la cicatriz ya sea hipertr\u00f3fica o queloide para un tratamiento postquir\u00fargico o un accidente, secuela de acn\u00e9, etc. Nos enfocamos en la regeneraci\u00f3n y la nutrici\u00f3n para bajar los grados de la lesi\u00f3n.&#8221; font_container=&#8221;tag:p|text_align:justify&#8221; google_fonts=&#8221;font_family:Noto%20Sans%3Aregular%2Citalic%2C700%2C700italic|font_style:400%20regular%3A400%3Anormal&#8221;][\/toggle][toggle color=&#8221;Default&#8221; title=&#8221;Reafirmante&#8221;][vc_custom_heading text=&#8221;Excelente tratamiento que nos ayudar\u00e1 a mejorar la tonicidad y textura de la piel, enfocado a nivel muscular, provocando una contracci\u00f3n en \u00e9l, para ejercitarlo. El tratamiento debe de ir acompa\u00f1ado de activos tensores y aparatolog\u00eda adecuada. Las sesiones indicadas se realizar\u00e1n dependiendo del estado en que se encuentre la piel.&#8221; font_container=&#8221;tag:p|text_align:justify&#8221; google_fonts=&#8221;font_family:Noto%20Sans%3Aregular%2Citalic%2C700%2C700italic|font_style:400%20regular%3A400%3Anormal&#8221;][\/toggle][\/toggles][\/vc_column][vc_column centered_text=&#8221;true&#8221; column_padding=&#8221;padding-3-percent&#8221; column_padding_position=&#8221;all&#8221; background_color=&#8221;#000000&#8243; background_color_opacity=&#8221;0.6&#8243; background_hover_color_opacity=&#8221;1&#8243; column_link_target=&#8221;_self&#8221; column_shadow=&#8221;none&#8221; column_border_radius=&#8221;none&#8221; width=&#8221;1\/2&#8243; tablet_width_inherit=&#8221;default&#8221; tablet_text_alignment=&#8221;default&#8221; phone_text_alignment=&#8221;default&#8221; column_border_width=&#8221;none&#8221; column_border_style=&#8221;solid&#8221; bg_image_animation=&#8221;none&#8221;][nectar_icon icon_family=&#8221;fontawesome&#8221; icon_style=&#8221;border-animation&#8221; icon_border_thickness=&#8221;2px&#8221; icon_color=&#8221;Accent-Color&#8221; icon_padding=&#8221;20px&#8221; icon_fontawesome=&#8221;fa fa-male&#8221;][toggles style=&#8221;minimal&#8221;][toggle color=&#8221;Default&#8221; title=&#8221;Hiperqueratosis&#8221;][vc_custom_heading text=&#8221;Tratamiento donde nos enfocamos en el exceso de hiperqueratosis, que normalmente se localiza en brazos, gl\u00fateos, muslos, o en alguna otra zona espec\u00edfica. Las sesiones se realizar\u00e1n dependiendo del estado en que se encuentre la piel que va a ser valorado por la profesional.&#8221; font_container=&#8221;tag:p|text_align:justify&#8221; google_fonts=&#8221;font_family:Noto%20Sans%3Aregular%2Citalic%2C700%2C700italic|font_style:400%20regular%3A400%3Anormal&#8221;][\/toggle][toggle color=&#8221;Default&#8221; title=&#8221;Lifting de gl\u00fateos&#8221;][vc_custom_heading text=&#8221;Este tratamiento est\u00e1 dise\u00f1ado para lograr un levantamiento en la zona a tratar, acompa\u00f1ado de aparatolog\u00eda de vanguardia y de producto espec\u00edfico para el tipo de piel. Nos ayuda a estimular la producci\u00f3n de col\u00e1geno y elastina, este tratamiento est\u00e1 indicado para las personas que han perdido tonicidad en esta zona y las sesiones se realizar\u00e1n dependiendo de la valoraci\u00f3n de la cosmet\u00f3loga.&#8221; font_container=&#8221;tag:p|text_align:justify&#8221; google_fonts=&#8221;font_family:Noto%20Sans%3Aregular%2Citalic%2C700%2C700italic|font_style:400%20regular%3A400%3Anormal&#8221;][vc_column_text][\/vc_column_text][\/toggle][toggle color=&#8221;Default&#8221; title=&#8221;Lifting de senos&#8221;][vc_custom_heading text=&#8221;Tratamiento dise\u00f1ado para lograr un levantamiento en los senos, estimulando las fibras de col\u00e1geno y elastina. Acompa\u00f1ado de productos adecuados y de aparatolog\u00eda de vanguardia. Las sesiones se realizar\u00e1n dependiendo de la valoraci\u00f3n de la cosmet\u00f3loga.&#8221; font_container=&#8221;tag:p|text_align:justify&#8221; google_fonts=&#8221;font_family:Noto%20Sans%3Aregular%2Citalic%2C700%2C700italic|font_style:400%20regular%3A400%3Anormal&#8221;][\/toggle][toggle color=&#8221;Default&#8221; title=&#8221;Tx prequir\u00fargicos&#8221;][vc_custom_heading text=&#8221;La finalidad de este tratamiento es aumentar la elasticidad de la piel, as\u00ed como el aumento de la producci\u00f3n proteica natural de la piel, mejorar la circulaci\u00f3n oxigenaci\u00f3n de los tejidos, disminuci\u00f3n de la grasa (liposucci\u00f3n) tener menor inflamaci\u00f3n en el paciente y acelerar la recuperaci\u00f3n, manifestando menos hematomas. Se recomienda iniciar 4 semanas antes con un intervalo de cada tercer d\u00eda suspendiendo dichas terapias 4 d\u00edas antes de la cirug\u00eda. Algunos aparatos para dichos tratamientos: radiofrecuencia terap\u00e9utica (bem), cavitaci\u00f3n, fototerapia; por mencionar algunos.&#8221; font_container=&#8221;tag:p|text_align:justify&#8221; google_fonts=&#8221;font_family:Noto%20Sans%3Aregular%2Citalic%2C700%2C700italic|font_style:400%20regular%3A400%3Anormal&#8221;][\/toggle][toggle color=&#8221;Default&#8221; title=&#8221;Tx postquir\u00fargicos&#8221;][vc_custom_heading text=&#8221;El objetivo principal de este tratamiento es desinflamar y dar alivio al paciente, apoyando en las etapas tanto f\u00edsicas como psicol\u00f3gicas. Dicho tratamiento se realizar\u00e1 dentro de los primeros 10 d\u00edas seg\u00fan el criterio y\/o recomendaciones del m\u00e9dico para disminuir dolor, edemas, inflamaci\u00f3n, equimosis, fibrosis, regeneraci\u00f3n de cicatrices, recuperaci\u00f3n de tejido, etc. En el caso de drenes ser\u00e1 hasta que el medico lo indique. Siempre se trabajar\u00e1 en con junto con el cirujano pl\u00e1stico&#8221; font_container=&#8221;tag:p|text_align:justify&#8221; google_fonts=&#8221;font_family:Noto%20Sans%3Aregular%2Citalic%2C700%2C700italic|font_style:400%20regular%3A400%3Anormal&#8221;][\/toggle][\/toggles][\/vc_column][\/vc_row]\n","protected":false},"excerpt":{"rendered":"<p>[vc_row type=&#8221;full_width_background&#8221; full_screen_row_position=&#8221;middle&#8221; equal_height=&#8221;yes&#8221; content_placement=&#8221;middle&#8221; bg_image=&#8221;6228&#8243; bg_position=&#8221;left top&#8221; bg_repeat=&#8221;no-repeat&#8221; scene_position=&#8221;center&#8221; text_color=&#8221;light&#8221; text_align=&#8221;center&#8221; top_padding=&#8221;1%&#8221; bottom_padding=&#8221;3%&#8221; overlay_strength=&#8221;0.8&#8243; shape_divider_position=&#8221;bottom&#8221; bg_image_animation=&#8221;none&#8221;][vc_column centered_text=&#8221;true&#8221; column_padding=&#8221;padding-3-percent&#8221; column_padding_position=&#8221;all&#8221; background_color=&#8221;#000000&#8243; background_color_opacity=&#8221;0.6&#8243; background_hover_color_opacity=&#8221;1&#8243; column_link_target=&#8221;_self&#8221; column_shadow=&#8221;none&#8221; column_border_radius=&#8221;none&#8221; width=&#8221;1\/2&#8243; tablet_width_inherit=&#8221;default&#8221; tablet_text_alignment=&#8221;default&#8221; phone_text_alignment=&#8221;default&#8221;&#8230;<\/p>\n","protected":false},"author":1,"featured_media":0,"parent":0,"menu_order":0,"comment_status":"closed","ping_status":"closed","template":"","meta":{"footnotes":""},"class_list":["post-6685","page","type-page","status-publish"],"yoast_head":"<!-- This site is optimized with the Yoast SEO plugin v27.5 - https:\/\/yoast.com\/product\/yoast-seo-wordpress\/ -->\n<title>Corporales - Mandira Spa<\/title>\n<meta name=\"robots\" content=\"index, follow, max-snippet:-1, max-image-preview:large, max-video-preview:-1\" \/>\n<link rel=\"canonical\" href=\"https:\/\/mandira-spa.com\/Home\/corporales\/\" \/>\n<meta property=\"og:locale\" content=\"es_MX\" \/>\n<meta property=\"og:type\" content=\"article\" \/>\n<meta property=\"og:title\" content=\"Corporales - Mandira Spa\" \/>\n<meta property=\"og:description\" content=\"[vc_row type=&#8221;full_width_background&#8221; full_screen_row_position=&#8221;middle&#8221; equal_height=&#8221;yes&#8221; content_placement=&#8221;middle&#8221; bg_image=&#8221;6228&#8243; bg_position=&#8221;left top&#8221; bg_repeat=&#8221;no-repeat&#8221; scene_position=&#8221;center&#8221; text_color=&#8221;light&#8221; text_align=&#8221;center&#8221; top_padding=&#8221;1%&#8221; bottom_padding=&#8221;3%&#8221; overlay_strength=&#8221;0.8&#8243; shape_divider_position=&#8221;bottom&#8221; bg_image_animation=&#8221;none&#8221;][vc_column centered_text=&#8221;true&#8221; column_padding=&#8221;padding-3-percent&#8221; column_padding_position=&#8221;all&#8221; background_color=&#8221;#000000&#8243; background_color_opacity=&#8221;0.6&#8243; background_hover_color_opacity=&#8221;1&#8243; column_link_target=&#8221;_self&#8221; column_shadow=&#8221;none&#8221; column_border_radius=&#8221;none&#8221; width=&#8221;1\/2&#8243; tablet_width_inherit=&#8221;default&#8221; tablet_text_alignment=&#8221;default&#8221; phone_text_alignment=&#8221;default&#8221;...\" \/>\n<meta property=\"og:url\" content=\"https:\/\/mandira-spa.com\/Home\/corporales\/\" \/>\n<meta property=\"og:site_name\" content=\"Mandira Spa\" \/>\n<meta property=\"article:publisher\" content=\"https:\/\/www.facebook.com\/MandiraSpa1\/\" \/>\n<meta property=\"article:modified_time\" content=\"2019-12-06T02:09:53+00:00\" \/>\n<meta property=\"og:image\" content=\"https:\/\/mandira-spa.com\/Home\/wp-content\/uploads\/2017\/10\/shutterstock_128560190.jpg\" \/>\n\t<meta property=\"og:image:width\" content=\"1083\" \/>\n\t<meta property=\"og:image:height\" content=\"812\" \/>\n\t<meta property=\"og:image:type\" content=\"image\/jpeg\" \/>\n<meta name=\"twitter:card\" content=\"summary_large_image\" \/>\n<meta name=\"twitter:site\" content=\"@MandiraSpa\" \/>\n<meta name=\"twitter:label1\" content=\"Tiempo de lectura\" \/>\n\t<meta name=\"twitter:data1\" content=\"6 minutos\" \/>\n<script type=\"application\/ld+json\" class=\"yoast-schema-graph\">{\"@context\":\"https:\\\/\\\/schema.org\",\"@graph\":[{\"@type\":\"WebPage\",\"@id\":\"https:\\\/\\\/mandira-spa.com\\\/Home\\\/corporales\\\/\",\"url\":\"https:\\\/\\\/mandira-spa.com\\\/Home\\\/corporales\\\/\",\"name\":\"Corporales - Mandira Spa\",\"isPartOf\":{\"@id\":\"https:\\\/\\\/mandira-spa.com\\\/Home\\\/#website\"},\"datePublished\":\"2017-03-23T03:05:06+00:00\",\"dateModified\":\"2019-12-06T02:09:53+00:00\",\"breadcrumb\":{\"@id\":\"https:\\\/\\\/mandira-spa.com\\\/Home\\\/corporales\\\/#breadcrumb\"},\"inLanguage\":\"es\",\"potentialAction\":[{\"@type\":\"ReadAction\",\"target\":[\"https:\\\/\\\/mandira-spa.com\\\/Home\\\/corporales\\\/\"]}]},{\"@type\":\"BreadcrumbList\",\"@id\":\"https:\\\/\\\/mandira-spa.com\\\/Home\\\/corporales\\\/#breadcrumb\",\"itemListElement\":[{\"@type\":\"ListItem\",\"position\":1,\"name\":\"Inicio\",\"item\":\"https:\\\/\\\/mandira-spa.com\\\/Home\\\/\"},{\"@type\":\"ListItem\",\"position\":2,\"name\":\"Corporales\"}]},{\"@type\":\"WebSite\",\"@id\":\"https:\\\/\\\/mandira-spa.com\\\/Home\\\/#website\",\"url\":\"https:\\\/\\\/mandira-spa.com\\\/Home\\\/\",\"name\":\"Mandira Spa\",\"description\":\"Abre la puerta al equilibro, descubre tus sentidos.\",\"publisher\":{\"@id\":\"https:\\\/\\\/mandira-spa.com\\\/Home\\\/#organization\"},\"potentialAction\":[{\"@type\":\"SearchAction\",\"target\":{\"@type\":\"EntryPoint\",\"urlTemplate\":\"https:\\\/\\\/mandira-spa.com\\\/Home\\\/?s={search_term_string}\"},\"query-input\":{\"@type\":\"PropertyValueSpecification\",\"valueRequired\":true,\"valueName\":\"search_term_string\"}}],\"inLanguage\":\"es\"},{\"@type\":\"Organization\",\"@id\":\"https:\\\/\\\/mandira-spa.com\\\/Home\\\/#organization\",\"name\":\"Mandira Spa\",\"url\":\"https:\\\/\\\/mandira-spa.com\\\/Home\\\/\",\"logo\":{\"@type\":\"ImageObject\",\"inLanguage\":\"es\",\"@id\":\"https:\\\/\\\/mandira-spa.com\\\/Home\\\/#\\\/schema\\\/logo\\\/image\\\/\",\"url\":\"https:\\\/\\\/mandira-spa.com\\\/Home\\\/wp-content\\\/uploads\\\/2017\\\/04\\\/android-desktop.png\",\"contentUrl\":\"https:\\\/\\\/mandira-spa.com\\\/Home\\\/wp-content\\\/uploads\\\/2017\\\/04\\\/android-desktop.png\",\"width\":412,\"height\":353,\"caption\":\"Mandira Spa\"},\"image\":{\"@id\":\"https:\\\/\\\/mandira-spa.com\\\/Home\\\/#\\\/schema\\\/logo\\\/image\\\/\"},\"sameAs\":[\"https:\\\/\\\/www.facebook.com\\\/MandiraSpa1\\\/\",\"https:\\\/\\\/x.com\\\/MandiraSpa\",\"https:\\\/\\\/www.instagram.com\\\/mandiraspa\\\/\"]}]}<\/script>\n<!-- \/ Yoast SEO plugin. -->","yoast_head_json":{"title":"Corporales - Mandira Spa","robots":{"index":"index","follow":"follow","max-snippet":"max-snippet:-1","max-image-preview":"max-image-preview:large","max-video-preview":"max-video-preview:-1"},"canonical":"https:\/\/mandira-spa.com\/Home\/corporales\/","og_locale":"es_MX","og_type":"article","og_title":"Corporales - Mandira Spa","og_description":"[vc_row type=&#8221;full_width_background&#8221; full_screen_row_position=&#8221;middle&#8221; equal_height=&#8221;yes&#8221; content_placement=&#8221;middle&#8221; bg_image=&#8221;6228&#8243; bg_position=&#8221;left top&#8221; bg_repeat=&#8221;no-repeat&#8221; scene_position=&#8221;center&#8221; text_color=&#8221;light&#8221; text_align=&#8221;center&#8221; top_padding=&#8221;1%&#8221; bottom_padding=&#8221;3%&#8221; overlay_strength=&#8221;0.8&#8243; shape_divider_position=&#8221;bottom&#8221; bg_image_animation=&#8221;none&#8221;][vc_column centered_text=&#8221;true&#8221; column_padding=&#8221;padding-3-percent&#8221; column_padding_position=&#8221;all&#8221; background_color=&#8221;#000000&#8243; background_color_opacity=&#8221;0.6&#8243; background_hover_color_opacity=&#8221;1&#8243; column_link_target=&#8221;_self&#8221; column_shadow=&#8221;none&#8221; column_border_radius=&#8221;none&#8221; width=&#8221;1\/2&#8243; tablet_width_inherit=&#8221;default&#8221; tablet_text_alignment=&#8221;default&#8221; phone_text_alignment=&#8221;default&#8221;...","og_url":"https:\/\/mandira-spa.com\/Home\/corporales\/","og_site_name":"Mandira Spa","article_publisher":"https:\/\/www.facebook.com\/MandiraSpa1\/","article_modified_time":"2019-12-06T02:09:53+00:00","og_image":[{"width":1083,"height":812,"url":"https:\/\/mandira-spa.com\/Home\/wp-content\/uploads\/2017\/10\/shutterstock_128560190.jpg","type":"image\/jpeg"}],"twitter_card":"summary_large_image","twitter_site":"@MandiraSpa","twitter_misc":{"Tiempo de lectura":"6 minutos"},"schema":{"@context":"https:\/\/schema.org","@graph":[{"@type":"WebPage","@id":"https:\/\/mandira-spa.com\/Home\/corporales\/","url":"https:\/\/mandira-spa.com\/Home\/corporales\/","name":"Corporales - Mandira Spa","isPartOf":{"@id":"https:\/\/mandira-spa.com\/Home\/#website"},"datePublished":"2017-03-23T03:05:06+00:00","dateModified":"2019-12-06T02:09:53+00:00","breadcrumb":{"@id":"https:\/\/mandira-spa.com\/Home\/corporales\/#breadcrumb"},"inLanguage":"es","potentialAction":[{"@type":"ReadAction","target":["https:\/\/mandira-spa.com\/Home\/corporales\/"]}]},{"@type":"BreadcrumbList","@id":"https:\/\/mandira-spa.com\/Home\/corporales\/#breadcrumb","itemListElement":[{"@type":"ListItem","position":1,"name":"Inicio","item":"https:\/\/mandira-spa.com\/Home\/"},{"@type":"ListItem","position":2,"name":"Corporales"}]},{"@type":"WebSite","@id":"https:\/\/mandira-spa.com\/Home\/#website","url":"https:\/\/mandira-spa.com\/Home\/","name":"Mandira Spa","description":"Abre la puerta al equilibro, descubre tus sentidos.","publisher":{"@id":"https:\/\/mandira-spa.com\/Home\/#organization"},"potentialAction":[{"@type":"SearchAction","target":{"@type":"EntryPoint","urlTemplate":"https:\/\/mandira-spa.com\/Home\/?s={search_term_string}"},"query-input":{"@type":"PropertyValueSpecification","valueRequired":true,"valueName":"search_term_string"}}],"inLanguage":"es"},{"@type":"Organization","@id":"https:\/\/mandira-spa.com\/Home\/#organization","name":"Mandira Spa","url":"https:\/\/mandira-spa.com\/Home\/","logo":{"@type":"ImageObject","inLanguage":"es","@id":"https:\/\/mandira-spa.com\/Home\/#\/schema\/logo\/image\/","url":"https:\/\/mandira-spa.com\/Home\/wp-content\/uploads\/2017\/04\/android-desktop.png","contentUrl":"https:\/\/mandira-spa.com\/Home\/wp-content\/uploads\/2017\/04\/android-desktop.png","width":412,"height":353,"caption":"Mandira Spa"},"image":{"@id":"https:\/\/mandira-spa.com\/Home\/#\/schema\/logo\/image\/"},"sameAs":["https:\/\/www.facebook.com\/MandiraSpa1\/","https:\/\/x.com\/MandiraSpa","https:\/\/www.instagram.com\/mandiraspa\/"]}]}},"_links":{"self":[{"href":"https:\/\/mandira-spa.com\/Home\/wp-json\/wp\/v2\/pages\/6685","targetHints":{"allow":["GET"]}}],"collection":[{"href":"https:\/\/mandira-spa.com\/Home\/wp-json\/wp\/v2\/pages"}],"about":[{"href":"https:\/\/mandira-spa.com\/Home\/wp-json\/wp\/v2\/types\/page"}],"author":[{"embeddable":true,"href":"https:\/\/mandira-spa.com\/Home\/wp-json\/wp\/v2\/users\/1"}],"replies":[{"embeddable":true,"href":"https:\/\/mandira-spa.com\/Home\/wp-json\/wp\/v2\/comments?post=6685"}],"version-history":[{"count":5,"href":"https:\/\/mandira-spa.com\/Home\/wp-json\/wp\/v2\/pages\/6685\/revisions"}],"predecessor-version":[{"id":9801,"href":"https:\/\/mandira-spa.com\/Home\/wp-json\/wp\/v2\/pages\/6685\/revisions\/9801"}],"wp:attachment":[{"href":"https:\/\/mandira-spa.com\/Home\/wp-json\/wp\/v2\/media?parent=6685"}],"curies":[{"name":"wp","href":"https:\/\/api.w.org\/{rel}","templated":true}]}}